{"id":86,"date":"2022-11-21T14:11:28","date_gmt":"2022-11-21T13:11:28","guid":{"rendered":"http:\/\/decroly.flowzit.com\/?page_id=86"},"modified":"2026-03-25T11:37:33","modified_gmt":"2026-03-25T11:37:33","slug":"mobilite","status":"publish","type":"page","link":"https:\/\/www.ecoledecroly.be\/index.php\/mobilite\/","title":{"rendered":"Mobilit\u00e9"},"content":{"rendered":"\n<p><a href=\"https:\/\/mailchi.mp\/2ad98500353b\/news-mobilt-scolaire-03-2026?e=1a158ebac3\" data-type=\"link\" data-id=\"https:\/\/mailchi.mp\/2ad98500353b\/news-mobilt-scolaire-03-2026?e=1a158ebac3\" target=\"_blank\" rel=\"noreferrer noopener\">Newsletter  Mobilit\u00e9 Scolaire Mars 2026<\/a><\/p>\n\n\n\n<hr class=\"wp-block-separator has-text-color has-cyan-bluish-gray-color has-alpha-channel-opacity has-cyan-bluish-gray-background-color has-background is-style-wide\"\/>\n\n\n\n<p><strong>Atelier r\u00e9paration de v\u00e9los<\/strong><\/p>\n\n\n\n<p>Le 12 septembre 2025 d\u00e8s 9h nous accueillerons les m\u00e9caniciens de JJ Cycles qui viendront effectuer des petites r\u00e9parations sur vos v\u00e9los (\u00e9l\u00e8ves, parents, professeurs).<\/p>\n\n\n\n<p>Cette ann\u00e9e, nous n\u2019avons obtenu aucun budget de Bruxelles Mobilit\u00e9 pour cet atelier, c\u2019est pourquoi nous demanderons une participation financi\u00e8re.<\/p>\n\n\n\n<p>L\u2019asbl JJ Cycles vous propose deux tarifs : prix conseill\u00e9: 15\u20ac ou prix de soutien: 25\u20ac ou plus, par v\u00e9lo, \u00e0 payer aux m\u00e9caniciens apr\u00e8s les r\u00e9parations (en liquide ou QR code), les pi\u00e8ces de rechange sont \u00e0 payer en suppl\u00e9ment.&nbsp;<\/p>\n\n\n\n<p>Seule une trentaine de v\u00e9los seront r\u00e9par\u00e9s, afin de faciliter l\u2019organisation vous devez&nbsp;<strong>vous inscrire uniquement<\/strong>&nbsp;via le talon \u00e0 copier, compl\u00e9ter et renvoyer \u00e0&nbsp;<a href=\"mailto:groupe.mobilite@ecoledecroly.be\"><em>groupe.mobilite@ecoledecroly.be<\/em><\/a><em>&nbsp;<\/em>et respecter votre engagement \u00e0 apporter votre v\u00e9lo (on ouvre 35 places au cas o\u00f9 il y&nbsp; aurait des d\u00e9sistements).<\/p>\n\n\n\n<p>Ceux qui se seront inscrits au-del\u00e0 de la 35\u00e8me place seront avertis par retour de mail de ne pas apporter leur v\u00e9lo.<\/p>\n\n\n\n<p><strong>Nous vous demandons d\u2019apporter votre v\u00e9lo (non cadenass\u00e9) le 12 septembre entre 8h et 9h sur la sc\u00e8ne de la grande salle de gym (entr\u00e9e par le terrain grillag\u00e9 c\u00f4t\u00e9 \u00ab&nbsp;petit chemin&nbsp;\u00bb ). Tous les v\u00e9los devront quitter l\u2019atelier entre 14h et 15h30 et \u00eatre repris ou attach\u00e9s dans les parkings par les \u00e9l\u00e8ves ou les parents<\/strong>.<\/p>\n\n\n\n<p>Christine Jardon et C\u00e9dric Limbosch<\/p>\n\n\n\n<p>________<\/p>\n\n\n\n<p>En remplissant ce talon vous vous engagez \u00e0 d\u00e9poser et reprendre votre v\u00e9lo (un par famille ) aux heures mentionn\u00e9es ci-dessus:<\/p>\n\n\n\n<p>Nom de l\u2019\u00e9l\u00e8ve \/ prof :&nbsp;<br>Nom et n\u00b0 GSM du parent responsable:<br>Description du v\u00e9lo (pour pouvoir le reconna\u00eetre) ;<br>Petites r\u00e9parations \u00e0 effectuer :<\/p>\n\n\n\n","protected":false},"excerpt":{"rendered":"<p>Newsletter Mobilit\u00e9 Scolaire Mars 2026 Atelier r\u00e9paration de v\u00e9los Le 12 septembre 2025 d\u00e8s 9h nous accueillerons les m\u00e9caniciens de JJ Cycles qui viendront effectuer des petites r\u00e9parations sur vos v\u00e9los (\u00e9l\u00e8ves, parents, professeurs). Cette ann\u00e9e, nous n\u2019avons obtenu aucun budget de Bruxelles Mobilit\u00e9 pour cet atelier, c\u2019est pourquoi nous demanderons une participation financi\u00e8re. L\u2019asbl&hellip;<\/p>\n","protected":false},"author":3,"featured_media":0,"parent":0,"menu_order":0,"comment_status":"closed","ping_status":"closed","template":"","meta":{"sfsi_plus_gutenberg_text_before_share":"","sfsi_plus_gutenberg_show_text_before_share":"","sfsi_plus_gutenberg_icon_type":"","sfsi_plus_gutenberg_icon_alignemt":"","sfsi_plus_gutenburg_max_per_row":"","footnotes":""},"class_list":["post-86","page","type-page","status-publish","hentry"],"_links":{"self":[{"href":"https:\/\/www.ecoledecroly.be\/index.php\/wp-json\/wp\/v2\/pages\/86","targetHints":{"allow":["GET"]}}],"collection":[{"href":"https:\/\/www.ecoledecroly.be\/index.php\/wp-json\/wp\/v2\/pages"}],"about":[{"href":"https:\/\/www.ecoledecroly.be\/index.php\/wp-json\/wp\/v2\/types\/page"}],"author":[{"embeddable":true,"href":"https:\/\/www.ecoledecroly.be\/index.php\/wp-json\/wp\/v2\/users\/3"}],"replies":[{"embeddable":true,"href":"https:\/\/www.ecoledecroly.be\/index.php\/wp-json\/wp\/v2\/comments?post=86"}],"version-history":[{"count":5,"href":"https:\/\/www.ecoledecroly.be\/index.php\/wp-json\/wp\/v2\/pages\/86\/revisions"}],"predecessor-version":[{"id":4494,"href":"https:\/\/www.ecoledecroly.be\/index.php\/wp-json\/wp\/v2\/pages\/86\/revisions\/4494"}],"wp:attachment":[{"href":"https:\/\/www.ecoledecroly.be\/index.php\/wp-json\/wp\/v2\/media?parent=86"}],"curies":[{"name":"wp","href":"https:\/\/api.w.org\/{rel}","templated":true}]}}