{"id":28,"date":"2022-09-21T10:26:03","date_gmt":"2022-09-21T08:26:03","guid":{"rendered":"http:\/\/decroly.flowzit.com\/?page_id=28"},"modified":"2026-03-16T08:53:50","modified_gmt":"2026-03-16T08:53:50","slug":"calendrier-scolaire","status":"publish","type":"page","link":"https:\/\/www.ecoledecroly.be\/index.php\/calendrier-scolaire\/","title":{"rendered":"Calendrier scolaire"},"content":{"rendered":"\n<p class=\"has-vivid-red-color has-text-color has-medium-font-size\"><strong>Agenda de l&rsquo;ann\u00e9e scolaire 2025-2026<\/strong><\/p>\n\n\n\n<div id=\"section-g19c8ee\" class=\"wp-block-gutentor-e7 section-g19c8ee gutentor-element gutentor-element-list\"><ul class=\"grid-row gutentor-grid-item-wrap list-indicator-icon\"><li class=\"gutentor-list-item grid-lg-12 grid-md-12 grid-12\"><span class=\"gutentor-single-item gutentor-single-item-0\"><span class=\"gutentor-list-item-wrap g-s-list-wrap\"><span class=\"gutentor-single-list-item-icon\"><i class=\"list-item-icon fas fa-arrow-right\"><\/i><\/span><span class=\"gutentor-list-item\"><p class=\"gutentor-single-item-title\"><strong>Ao\u00fbt<\/strong><br>Rentr\u00e9e des classes <br>Lundi 25 : <br>-Rentr\u00e9e \u00e9cole fondamentale \u00e0 8h30<br>-Rentr\u00e9e 7<sup>e<\/sup> de de 9h00 \u00e0 12h00 (les titulaires et cotitulaires sont en classe).<br>-Rentr\u00e9e 11<sup>e<\/sup> et 12<sup>e<\/sup>de 10h00 \u00e0 12h00 (les titulaires et cotitulaires sont en classe).<br>-Rentr\u00e9e 8<sup>e<\/sup>, 9<sup>e<\/sup> et 10<sup>e<\/sup> de 13h30 \u00e0 15h30 (les titulaires et cotitulaires sont en classe).<br>Mardi 26 : <br>-7<sup>e<\/sup> \u00e0 12<sup>e<\/sup> de 9h00 \u00e0 12h30 (les titulaires et cotitulaires sont en classe).<br>-R\u00e9union des parents, PJE \u00e0 20h15<br>Mercredi 27 : <br>`-7<sup>e<\/sup> \u00e0 12<sup>e<\/sup> de 9h00 \u00e0 12h30 (les titulaires et cotitulaires sont en classe).<br>Jeudi 28 : <br>-7<sup>e<\/sup> \u00e0 12<sup>e<\/sup> de 9h00 \u00e0 12h30 (les titulaires et cotitulaires sont en classe).<br>-R\u00e9union des parents 7e \u00e0 20h15<br>Vendredi 29 : <br>-7<sup>e<\/sup> \u00e0 12<sup>e<\/sup> de 9h00 \u00e0 12h30 (les titulaires et cotitulaires sont en classe).<br>Les cours reprennent selon l\u2019horaire normal le lundi 1 septembre<\/p><\/span><\/span><\/span><\/li><li class=\"gutentor-list-item grid-lg-12 grid-md-12 grid-12\"><span class=\"gutentor-single-item gutentor-single-item-1\"><span class=\"gutentor-list-item-wrap g-s-list-wrap\"><span class=\"gutentor-single-list-item-icon\"><i class=\"list-item-icon fas fa-arrow-right\"><\/i><\/span><span class=\"gutentor-list-item\"><p class=\"gutentor-single-item-title\"><strong>Septembre<\/strong><br>Mardi 9 : r\u00e9union des parents 9e 10e \u00e0 20h15<br>Lundi 15 : r\u00e9union des parents 1e 3e 5e \u00e0 20h15<br>Mardi 16 : r\u00e9union des parents 8e 11e 12e \u00e0 20h15<br>Lundi 22 : r\u00e9union des parents 2e 4e 6e \u00e0 20h15<br>Vendredi 26 : journ\u00e9e de r\u00e9flexion secondaire <br><\/p><\/span><\/span><\/span><\/li><li class=\"gutentor-list-item grid-lg-12 grid-md-12 grid-12\"><span class=\"gutentor-single-item gutentor-single-item-2\"><span class=\"gutentor-list-item-wrap g-s-list-wrap\"><span class=\"gutentor-single-list-item-icon\"><i class=\"list-item-icon fas fa-arrow-right\"><\/i><\/span><span class=\"gutentor-list-item\"><p class=\"gutentor-single-item-title\"><strong>Octobre<\/strong><br>Lundi 13 : conseil de classe 7e 8e *<br>                 r\u00e9union des parents M+G JE \u00e0 20h15<br>Mardi 14 : conseil de classe 9e 10e *<br>Lundi 20 &#8211; vendredi 31 : cong\u00e9 d&rsquo;automne<\/p><\/span><\/span><\/span><\/li><li class=\"gutentor-list-item grid-lg-12 grid-md-12 grid-12\"><span class=\"gutentor-single-item gutentor-single-item-3\"><span class=\"gutentor-list-item-wrap g-s-list-wrap\"><span class=\"gutentor-single-list-item-icon\"><i class=\"list-item-icon fas fa-arrow-right\"><\/i><\/span><span class=\"gutentor-list-item\"><p class=\"gutentor-single-item-title\"><strong>Novembre<\/strong><br>Vendredi 7 : entretiens parents\/profs secondaire<br>Mardi 11 : jour de l&rsquo;Armistice<br>Lundi 17 : organe d&rsquo;administration<br>Mardi 18 : journ\u00e9e de r\u00e9flexion secondaire<br>Lundi 24 : conseil de participation<br>Vendredi 28 : conseil de classe 11e 12e *<br><\/p><\/span><\/span><\/span><\/li><li class=\"gutentor-list-item grid-lg-12 grid-md-12 grid-12\"><span class=\"gutentor-single-item gutentor-single-item-4\"><span class=\"gutentor-list-item-wrap g-s-list-wrap\"><span class=\"gutentor-single-list-item-icon\"><i class=\"list-item-icon fas fa-arrow-right\"><\/i><\/span><span class=\"gutentor-list-item\"><p class=\"gutentor-single-item-title\"><strong>D\u00e9cembre<\/strong><br>Lundi 1 : assembl\u00e9 g\u00e9n\u00e9rale<br>Lundi 8 : entretiens parents\/profs PJE<br>Mardi 9 : entretiens parents\/profs PJE<br>Lundi 22 &#8211; mercredi 31 : vacances d&rsquo;hiver<br><\/p><\/span><\/span><\/span><\/li><li class=\"gutentor-list-item grid-lg-12 grid-md-12 grid-12\"><span class=\"gutentor-single-item gutentor-single-item-5\"><span class=\"gutentor-list-item-wrap g-s-list-wrap\"><span class=\"gutentor-single-list-item-icon\"><i class=\"list-item-icon fas fa-arrow-right\"><\/i><\/span><span class=\"gutentor-list-item\"><p class=\"gutentor-single-item-title\"><strong>Janvier<\/strong><br>Jeudi 1 &#8211; vendredi 2 : vacances d&rsquo;hiver<br>Jeudi 8 :  conseil de classe 8e *<br>Lundi 12 :  entretiens parents\/profs M+G JE + 1e 2e 3e 4e 5e 6e<br>Mardi 13 :  entretiens parents\/profs M+G JE + 1e 2e 3e 4e 5e 6e<br>vendredi 23 : entretiens parents\/profs secondaire<br><\/p><\/span><\/span><\/span><\/li><li class=\"gutentor-list-item grid-lg-12 grid-md-12 grid-12\"><span class=\"gutentor-single-item gutentor-single-item-6\"><span class=\"gutentor-list-item-wrap g-s-list-wrap\"><span class=\"gutentor-single-list-item-icon\"><i class=\"list-item-icon fas fa-arrow-right\"><\/i><\/span><span class=\"gutentor-list-item\"><p class=\"gutentor-single-item-title\"><strong>F\u00e9vrier<\/strong><br>Vendredi 6 : Journ\u00e9e portes ouvertes<br>Jeudi 12 : journ\u00e9e de r\u00e9flexion fondamental et secondaire **<br>Vendredi 13 : journ\u00e9e de r\u00e9flexion fondamental **<br>Lundi 16 &#8211; vendredi 27 : cong\u00e9 de d\u00e9tente<br><\/p><\/span><\/span><\/span><\/li><li class=\"gutentor-list-item grid-lg-12 grid-md-12 grid-12\"><span class=\"gutentor-single-item gutentor-single-item-7\"><span class=\"gutentor-list-item-wrap g-s-list-wrap\"><span class=\"gutentor-single-list-item-icon\"><i class=\"list-item-icon fas fa-arrow-right\"><\/i><\/span><span class=\"gutentor-list-item\"><p class=\"gutentor-single-item-title\"><strong>Mars<\/strong><br>Lundi 9 : r\u00e9union des parents 1e 2e 3e <br>                r\u00e9union des parents 9e 10e <br>Mardi 10 : r\u00e9union des parents 4e 5e 6e<br>Jeudi 19 : conseil de classe 9e 10e *<br>Vendredi 20 : conseil de classe 7e 8e *<br>Lundi 23 : r\u00e9union des parents 8e 11e<br>Lundi 30 : r\u00e9union des parents 7e 12e<\/p><\/span><\/span><\/span><\/li><li class=\"gutentor-list-item grid-lg-12 grid-md-12 grid-12\"><span class=\"gutentor-single-item gutentor-single-item-8\"><span class=\"gutentor-list-item-wrap g-s-list-wrap\"><span class=\"gutentor-single-list-item-icon\"><i class=\"list-item-icon fas fa-arrow-right\"><\/i><\/span><span class=\"gutentor-list-item\"><p class=\"gutentor-single-item-title\"><strong>Avril<\/strong><br>Vendredi 3 : entretiens parents\/profs secondaire<br>Lundi 6 : lundi de P\u00e2ques<br>Lundi 27 &#8211; jeudi 30 : vacances de printemps<br><\/p><\/span><\/span><\/span><\/li><li class=\"gutentor-list-item grid-lg-12 grid-md-12 grid-12\"><span class=\"gutentor-single-item gutentor-single-item-9\"><span class=\"gutentor-list-item-wrap g-s-list-wrap\"><span class=\"gutentor-single-list-item-icon\"><i class=\"list-item-icon fas fa-arrow-right\"><\/i><\/span><span class=\"gutentor-list-item\"><p class=\"gutentor-single-item-title\"><strong>Mai<\/strong><br>Vendredi 1 &#8211; vendredi 8 : vacances de printemps<br>Jeudi 14 : jeudi de l&rsquo;Ascension<br>Lundi 18 : r\u00e9union des parents JDE<br>Lundi 25 : cong\u00e9 de Pentec\u00f4te<br><\/p><\/span><\/span><\/span><\/li><li class=\"gutentor-list-item grid-lg-12 grid-md-12 grid-12\"><span class=\"gutentor-single-item gutentor-single-item-10\"><span class=\"gutentor-list-item-wrap g-s-list-wrap\"><span class=\"gutentor-single-list-item-icon\"><i class=\"list-item-icon fas fa-arrow-right\"><\/i><\/span><span class=\"gutentor-list-item\"><p class=\"gutentor-single-item-title\"><strong>Juin<\/strong><br>Lundi 1 : organe d&rsquo;administration<br>Samedi 6 : f\u00eate de l&rsquo;\u00e9cole<br>Dimanche 7 : f\u00eate de l&rsquo;\u00e9cole<br>Lundi 29 : entretiens parents\/profs fondamental<br>Mardi 30 : entretiens parents\/profs fondamental<br><\/p><\/span><\/span><\/span><\/li><li class=\"gutentor-list-item grid-lg-12 grid-md-12 grid-12\"><span class=\"gutentor-single-item gutentor-single-item-11\"><span class=\"gutentor-list-item-wrap g-s-list-wrap\"><span class=\"gutentor-single-list-item-icon\"><i class=\"list-item-icon fas fa-arrow-right\"><\/i><\/span><span class=\"gutentor-list-item\"><p class=\"gutentor-single-item-title\"><strong>Juillet<\/strong><br>Jeudi 2 : entretiens parents\/profs secondaire<br>Vendredi 3 : entretiens parents\/profs secondaire<br>Les vacances d&rsquo;\u00e9t\u00e9 d\u00e9butent le 4 juillet<\/p><\/span><\/span><\/span><\/li><\/ul><\/div>\n\n\n\n<div class=\"wp-block-columns is-layout-flex wp-container-core-columns-is-layout-9d6595d7 wp-block-columns-is-layout-flex\">\n<div class=\"wp-block-column is-layout-flow wp-block-column-is-layout-flow\"><\/div>\n<\/div>\n\n\n\n<p class=\"has-vivid-red-color has-text-color has-link-color wp-elements-46f4d98630a5812d526f6943e59993d9\">* <strong>Conseils de classe (\u00e9cole secondaire)<\/strong><br>Lors des conseils de classe, les \u00e9l\u00e8ves ne sont pas \u00e0 l\u2019\u00e9cole. Ces jours ne peuvent<br>par contre pas \u00eatre consid\u00e9r\u00e9s comme des cong\u00e9s. En effet, un.e \u00e9l\u00e8ve peut \u00eatre<br>invit\u00e9.e \u00e0 se pr\u00e9senter \u00e0 l\u2019\u00e9cole lors de ces journ\u00e9es afin de mettre ses cahiers en<br>ordre, refaire un devoir non fait, ou encore travailler pour la collectivit\u00e9.<\/p>\n\n\n\n<div class=\"wp-block-columns is-layout-flex wp-container-core-columns-is-layout-9d6595d7 wp-block-columns-is-layout-flex\">\n<div class=\"wp-block-column is-layout-flow wp-block-column-is-layout-flow\" style=\"flex-basis:100%\">\n<p class=\"has-vivid-red-color has-text-color has-link-color wp-elements-9b553a08cfbe3a99bf201790de29f803\" style=\"font-size:14px\">**Les enfants sont en cong\u00e9, une garderie pour les enfants du fondamental est organis\u00e9e sur inscription pr\u00e9alable la semaine pr\u00e9c\u00e9dente,  un lien sera envoy\u00e9 via l&rsquo;alerte SMS.<br>Il n&rsquo;y a pas de repas chaud pr\u00e9vu ces jours-l\u00e0<\/p>\n<\/div>\n<\/div>\n","protected":false},"excerpt":{"rendered":"<p><\/p>\n","protected":false},"author":3,"featured_media":0,"parent":0,"menu_order":0,"comment_status":"closed","ping_status":"closed","template":"","meta":{"sfsi_plus_gutenberg_text_before_share":"","sfsi_plus_gutenberg_show_text_before_share":"","sfsi_plus_gutenberg_icon_type":"","sfsi_plus_gutenberg_icon_alignemt":"","sfsi_plus_gutenburg_max_per_row":"","footnotes":""},"class_list":["post-28","page","type-page","status-publish","hentry"],"_links":{"self":[{"href":"https:\/\/www.ecoledecroly.be\/index.php\/wp-json\/wp\/v2\/pages\/28","targetHints":{"allow":["GET"]}}],"collection":[{"href":"https:\/\/www.ecoledecroly.be\/index.php\/wp-json\/wp\/v2\/pages"}],"about":[{"href":"https:\/\/www.ecoledecroly.be\/index.php\/wp-json\/wp\/v2\/types\/page"}],"author":[{"embeddable":true,"href":"https:\/\/www.ecoledecroly.be\/index.php\/wp-json\/wp\/v2\/users\/3"}],"replies":[{"embeddable":true,"href":"https:\/\/www.ecoledecroly.be\/index.php\/wp-json\/wp\/v2\/comments?post=28"}],"version-history":[{"count":188,"href":"https:\/\/www.ecoledecroly.be\/index.php\/wp-json\/wp\/v2\/pages\/28\/revisions"}],"predecessor-version":[{"id":4477,"href":"https:\/\/www.ecoledecroly.be\/index.php\/wp-json\/wp\/v2\/pages\/28\/revisions\/4477"}],"wp:attachment":[{"href":"https:\/\/www.ecoledecroly.be\/index.php\/wp-json\/wp\/v2\/media?parent=28"}],"curies":[{"name":"wp","href":"https:\/\/api.w.org\/{rel}","templated":true}]}}